{"id":856,"date":"2025-03-24T09:48:49","date_gmt":"2025-03-24T09:48:49","guid":{"rendered":"https:\/\/tazzlgur.lucusprueba.es\/TechFabLab\/?page_id=856"},"modified":"2025-03-24T09:49:47","modified_gmt":"2025-03-24T09:49:47","slug":"noticias","status":"publish","type":"page","link":"https:\/\/tazzlgur.lucusprueba.es\/TechFabLab\/noticias\/","title":{"rendered":"Noticias"},"content":{"rendered":"\t\t<div data-elementor-type=\"wp-page\" data-elementor-id=\"856\" class=\"elementor elementor-856\">\n\t\t\t\t<div class=\"elementor-element elementor-element-cd10bf4 e-flex e-con-boxed e-con e-parent\" data-id=\"cd10bf4\" data-element_type=\"container\">\n\t\t\t\t\t<div class=\"e-con-inner\">\n\t\t\t\t<div class=\"elementor-element elementor-element-e182707 elementor-posts--thumbnail-left elementor-grid-3 elementor-grid-tablet-2 elementor-grid-mobile-1 elementor-widget elementor-widget-posts\" data-id=\"e182707\" data-element_type=\"widget\" data-settings=\"{&quot;classic_columns&quot;:&quot;3&quot;,&quot;classic_columns_tablet&quot;:&quot;2&quot;,&quot;classic_columns_mobile&quot;:&quot;1&quot;,&quot;classic_row_gap&quot;:{&quot;unit&quot;:&quot;px&quot;,&quot;size&quot;:35,&quot;sizes&quot;:[]},&quot;classic_row_gap_tablet&quot;:{&quot;unit&quot;:&quot;px&quot;,&quot;size&quot;:&quot;&quot;,&quot;sizes&quot;:[]},&quot;classic_row_gap_mobile&quot;:{&quot;unit&quot;:&quot;px&quot;,&quot;size&quot;:&quot;&quot;,&quot;sizes&quot;:[]}}\" data-widget_type=\"posts.classic\">\n\t\t\t\t<div class=\"elementor-widget-container\">\n\t\t\t\t\t\t\t<div class=\"elementor-posts-container elementor-posts elementor-posts--skin-classic elementor-grid\">\n\t\t\t\t<article class=\"elementor-post elementor-grid-item post-792 post type-post status-publish format-standard has-post-thumbnail hentry category-tecnologia\">\n\t\t\t\t<a class=\"elementor-post__thumbnail__link\" href=\"https:\/\/tazzlgur.lucusprueba.es\/TechFabLab\/tech-fablab-cv-impulsa-la-innovacion-tecnologica-en-la-comunitat-valenciana-con-la-presencia-de-autoridades-clave\/\" >\n\t\t\t<div class=\"elementor-post__thumbnail\"><img fetchpriority=\"high\" decoding=\"async\" width=\"300\" height=\"200\" src=\"https:\/\/tazzlgur.lucusprueba.es\/TechFabLab\/wp-content\/uploads\/2025\/03\/Imagen-Actualidad2-scaled-1-300x200.jpg\" class=\"attachment-medium size-medium wp-image-894\" alt=\"\" srcset=\"https:\/\/tazzlgur.lucusprueba.es\/TechFabLab\/wp-content\/uploads\/2025\/03\/Imagen-Actualidad2-scaled-1-300x200.jpg 300w, https:\/\/tazzlgur.lucusprueba.es\/TechFabLab\/wp-content\/uploads\/2025\/03\/Imagen-Actualidad2-scaled-1-1024x683.jpg 1024w, https:\/\/tazzlgur.lucusprueba.es\/TechFabLab\/wp-content\/uploads\/2025\/03\/Imagen-Actualidad2-scaled-1-768x512.jpg 768w, https:\/\/tazzlgur.lucusprueba.es\/TechFabLab\/wp-content\/uploads\/2025\/03\/Imagen-Actualidad2-scaled-1-1536x1024.jpg 1536w, https:\/\/tazzlgur.lucusprueba.es\/TechFabLab\/wp-content\/uploads\/2025\/03\/Imagen-Actualidad2-scaled-1-2048x1366.jpg 2048w\" sizes=\"(max-width: 300px) 100vw, 300px\" \/><\/div>\n\t\t<\/a>\n\t\t\t\t<div class=\"elementor-post__text\">\n\t\t\t\t<h3 class=\"elementor-post__title\">\n\t\t\t<a href=\"https:\/\/tazzlgur.lucusprueba.es\/TechFabLab\/tech-fablab-cv-impulsa-la-innovacion-tecnologica-en-la-comunitat-valenciana-con-la-presencia-de-autoridades-clave\/\" >\n\t\t\t\tTech FabLab CV impulsa la innovaci\u00f3n tecnol\u00f3gica en la Comunitat Valenciana con la presencia de autoridades clave\t\t\t<\/a>\n\t\t<\/h3>\n\t\t\t\t<div class=\"elementor-post__meta-data\">\n\t\t\t\t\t<span class=\"elementor-post-date\">\n\t\t\t22\/03\/2025\t\t<\/span>\n\t\t\t\t<span class=\"elementor-post-avatar\">\n\t\t\tNo hay comentarios\t\t<\/span>\n\t\t\t\t<\/div>\n\t\t\t\t<div class=\"elementor-post__excerpt\">\n\t\t\t<p>Volver 25 de septiembre de 2024 Tech FabLab CV impulsa la innovaci\u00f3n tecnol\u00f3gica en la Comunitat Valenciana con la presencia de autoridades clave El proyecto Tech FabLab CV, una iniciativa<\/p>\n\t\t<\/div>\n\t\t\n\t\t<a class=\"elementor-post__read-more\" href=\"https:\/\/tazzlgur.lucusprueba.es\/TechFabLab\/tech-fablab-cv-impulsa-la-innovacion-tecnologica-en-la-comunitat-valenciana-con-la-presencia-de-autoridades-clave\/\" >\n\t\t\tRead More \u00bb\t\t<\/a>\n\n\t\t\t\t<\/div>\n\t\t\t\t<\/article>\n\t\t\t\t<article class=\"elementor-post elementor-grid-item post-779 post type-post status-publish format-standard has-post-thumbnail hentry category-formacion\">\n\t\t\t\t<a class=\"elementor-post__thumbnail__link\" href=\"https:\/\/tazzlgur.lucusprueba.es\/TechFabLab\/presentacion-del-mapa-tech-de-la-comunitat-valenciana-la-herramienta-clave-para-el-ecosistema-tecnologico\/\" >\n\t\t\t<div class=\"elementor-post__thumbnail\"><img decoding=\"async\" width=\"300\" height=\"169\" src=\"https:\/\/tazzlgur.lucusprueba.es\/TechFabLab\/wp-content\/uploads\/2025\/03\/Imagen-Header2-300x169.png\" class=\"attachment-medium size-medium wp-image-67\" alt=\"\" srcset=\"https:\/\/tazzlgur.lucusprueba.es\/TechFabLab\/wp-content\/uploads\/2025\/03\/Imagen-Header2-300x169.png 300w, https:\/\/tazzlgur.lucusprueba.es\/TechFabLab\/wp-content\/uploads\/2025\/03\/Imagen-Header2-1024x576.png 1024w, https:\/\/tazzlgur.lucusprueba.es\/TechFabLab\/wp-content\/uploads\/2025\/03\/Imagen-Header2-768x432.png 768w, https:\/\/tazzlgur.lucusprueba.es\/TechFabLab\/wp-content\/uploads\/2025\/03\/Imagen-Header2-1536x864.png 1536w, https:\/\/tazzlgur.lucusprueba.es\/TechFabLab\/wp-content\/uploads\/2025\/03\/Imagen-Header2.png 1920w\" sizes=\"(max-width: 300px) 100vw, 300px\" \/><\/div>\n\t\t<\/a>\n\t\t\t\t<div class=\"elementor-post__text\">\n\t\t\t\t<h3 class=\"elementor-post__title\">\n\t\t\t<a href=\"https:\/\/tazzlgur.lucusprueba.es\/TechFabLab\/presentacion-del-mapa-tech-de-la-comunitat-valenciana-la-herramienta-clave-para-el-ecosistema-tecnologico\/\" >\n\t\t\t\tPresentaci\u00f3n del Mapa Tech de la Comunitat Valenciana: La Herramienta Clave para el Ecosistema Tecnol\u00f3gico\t\t\t<\/a>\n\t\t<\/h3>\n\t\t\t\t<div class=\"elementor-post__meta-data\">\n\t\t\t\t\t<span class=\"elementor-post-date\">\n\t\t\t22\/03\/2025\t\t<\/span>\n\t\t\t\t<span class=\"elementor-post-avatar\">\n\t\t\tNo hay comentarios\t\t<\/span>\n\t\t\t\t<\/div>\n\t\t\t\t<div class=\"elementor-post__excerpt\">\n\t\t\t<p>Volver 25 de septiembre de 2024 Presentaci\u00f3n del Mapa Tech de la Comunitat Valenciana: La Herramienta Clave para el Ecosistema Tecnol\u00f3gico El Mapa Tech de la Comunitat Valenciana es mucho<\/p>\n\t\t<\/div>\n\t\t\n\t\t<a class=\"elementor-post__read-more\" href=\"https:\/\/tazzlgur.lucusprueba.es\/TechFabLab\/presentacion-del-mapa-tech-de-la-comunitat-valenciana-la-herramienta-clave-para-el-ecosistema-tecnologico\/\" >\n\t\t\tRead More \u00bb\t\t<\/a>\n\n\t\t\t\t<\/div>\n\t\t\t\t<\/article>\n\t\t\t\t<article class=\"elementor-post elementor-grid-item post-774 post type-post status-publish format-standard has-post-thumbnail hentry category-otras-actividades\">\n\t\t\t\t<a class=\"elementor-post__thumbnail__link\" href=\"https:\/\/tazzlgur.lucusprueba.es\/TechFabLab\/presentacion-de-los-finalistas-del-reto-open-call-techfablab-cv-en-el-cvi-tourism-day-2024\/\" >\n\t\t\t<div class=\"elementor-post__thumbnail\"><img decoding=\"async\" width=\"300\" height=\"200\" src=\"https:\/\/tazzlgur.lucusprueba.es\/TechFabLab\/wp-content\/uploads\/2025\/03\/Imagen-Sprints-de-Adecuacion-de-Tecnologias-300x200.jpg\" class=\"attachment-medium size-medium wp-image-82\" alt=\"\" srcset=\"https:\/\/tazzlgur.lucusprueba.es\/TechFabLab\/wp-content\/uploads\/2025\/03\/Imagen-Sprints-de-Adecuacion-de-Tecnologias-300x200.jpg 300w, https:\/\/tazzlgur.lucusprueba.es\/TechFabLab\/wp-content\/uploads\/2025\/03\/Imagen-Sprints-de-Adecuacion-de-Tecnologias-1024x683.jpg 1024w, https:\/\/tazzlgur.lucusprueba.es\/TechFabLab\/wp-content\/uploads\/2025\/03\/Imagen-Sprints-de-Adecuacion-de-Tecnologias-768x512.jpg 768w, https:\/\/tazzlgur.lucusprueba.es\/TechFabLab\/wp-content\/uploads\/2025\/03\/Imagen-Sprints-de-Adecuacion-de-Tecnologias-1536x1024.jpg 1536w\" sizes=\"(max-width: 300px) 100vw, 300px\" \/><\/div>\n\t\t<\/a>\n\t\t\t\t<div class=\"elementor-post__text\">\n\t\t\t\t<h3 class=\"elementor-post__title\">\n\t\t\t<a href=\"https:\/\/tazzlgur.lucusprueba.es\/TechFabLab\/presentacion-de-los-finalistas-del-reto-open-call-techfablab-cv-en-el-cvi-tourism-day-2024\/\" >\n\t\t\t\tPresentaci\u00f3n de los finalistas del Reto Open Call TechFabLab CV en el CV+i Tourism Day 2024\t\t\t<\/a>\n\t\t<\/h3>\n\t\t\t\t<div class=\"elementor-post__meta-data\">\n\t\t\t\t\t<span class=\"elementor-post-date\">\n\t\t\t22\/03\/2025\t\t<\/span>\n\t\t\t\t<span class=\"elementor-post-avatar\">\n\t\t\tNo hay comentarios\t\t<\/span>\n\t\t\t\t<\/div>\n\t\t\t\t<div class=\"elementor-post__excerpt\">\n\t\t\t<p>Volver 25 de septiembre de 2024 Presentaci\u00f3n de los finalistas del Reto Open Call TechFabLab CV en el CV+i Tourism Day 2024 El pr\u00f3ximo 17 de octubre de 2024, durante<\/p>\n\t\t<\/div>\n\t\t\n\t\t<a class=\"elementor-post__read-more\" href=\"https:\/\/tazzlgur.lucusprueba.es\/TechFabLab\/presentacion-de-los-finalistas-del-reto-open-call-techfablab-cv-en-el-cvi-tourism-day-2024\/\" >\n\t\t\tRead More \u00bb\t\t<\/a>\n\n\t\t\t\t<\/div>\n\t\t\t\t<\/article>\n\t\t\t\t<article class=\"elementor-post elementor-grid-item post-1197 post type-post status-publish format-standard has-post-thumbnail hentry category-tecnologia tag-startup tag-tech-fablab tag-transfiere\">\n\t\t\t\t<a class=\"elementor-post__thumbnail__link\" href=\"https:\/\/tazzlgur.lucusprueba.es\/TechFabLab\/tech-fablab-startups-comunidad-valenciana-transfiere-2025\/\" >\n\t\t\t<div class=\"elementor-post__thumbnail\"><img loading=\"lazy\" decoding=\"async\" width=\"300\" height=\"225\" src=\"https:\/\/tazzlgur.lucusprueba.es\/TechFabLab\/wp-content\/uploads\/2025\/04\/Startups-comunidad-valenciana-transfiere-300x225.jpeg\" class=\"attachment-medium size-medium wp-image-1198\" alt=\"tech fablab y startups en Transfiere\" srcset=\"https:\/\/tazzlgur.lucusprueba.es\/TechFabLab\/wp-content\/uploads\/2025\/04\/Startups-comunidad-valenciana-transfiere-300x225.jpeg 300w, https:\/\/tazzlgur.lucusprueba.es\/TechFabLab\/wp-content\/uploads\/2025\/04\/Startups-comunidad-valenciana-transfiere-1024x768.jpeg 1024w, https:\/\/tazzlgur.lucusprueba.es\/TechFabLab\/wp-content\/uploads\/2025\/04\/Startups-comunidad-valenciana-transfiere-768x576.jpeg 768w, https:\/\/tazzlgur.lucusprueba.es\/TechFabLab\/wp-content\/uploads\/2025\/04\/Startups-comunidad-valenciana-transfiere-1536x1152.jpeg 1536w, https:\/\/tazzlgur.lucusprueba.es\/TechFabLab\/wp-content\/uploads\/2025\/04\/Startups-comunidad-valenciana-transfiere.jpeg 1600w\" sizes=\"(max-width: 300px) 100vw, 300px\" \/><\/div>\n\t\t<\/a>\n\t\t\t\t<div class=\"elementor-post__text\">\n\t\t\t\t<h3 class=\"elementor-post__title\">\n\t\t\t<a href=\"https:\/\/tazzlgur.lucusprueba.es\/TechFabLab\/tech-fablab-startups-comunidad-valenciana-transfiere-2025\/\" >\n\t\t\t\tTech FabLab y startups Comunidad Valenciana en Transfiere 2025\t\t\t<\/a>\n\t\t<\/h3>\n\t\t\t\t<div class=\"elementor-post__meta-data\">\n\t\t\t\t\t<span class=\"elementor-post-date\">\n\t\t\t11\/03\/2025\t\t<\/span>\n\t\t\t\t<span class=\"elementor-post-avatar\">\n\t\t\tNo hay comentarios\t\t<\/span>\n\t\t\t\t<\/div>\n\t\t\t\t<div class=\"elementor-post__excerpt\">\n\t\t\t<p>La Direcci\u00f3n General de Innovaci\u00f3n, a trav\u00e9s del proyecto RETECH Tech FabLab Comunitat Valenciana, estar\u00e1 presente en Transfiere 2025, el Foro Europeo para la Ciencia, Tecnolog\u00eda e Innovaci\u00f3n, que se<\/p>\n\t\t<\/div>\n\t\t\n\t\t<a class=\"elementor-post__read-more\" href=\"https:\/\/tazzlgur.lucusprueba.es\/TechFabLab\/tech-fablab-startups-comunidad-valenciana-transfiere-2025\/\" >\n\t\t\tRead More \u00bb\t\t<\/a>\n\n\t\t\t\t<\/div>\n\t\t\t\t<\/article>\n\t\t\t\t<article class=\"elementor-post elementor-grid-item post-1191 post type-post status-publish format-standard hentry category-otras-actividades tag-startup tag-tech-fablab tag-transfiere\">\n\t\t\t\t<div class=\"elementor-post__text\">\n\t\t\t\t<h3 class=\"elementor-post__title\">\n\t\t\t<a href=\"https:\/\/tazzlgur.lucusprueba.es\/TechFabLab\/tech-fablab-cv-lanza-convocatoria-startups-transfiere-2025\/\" >\n\t\t\t\tTech FabLab Comunitat Valenciana lanza la convocatoria de startups para su participaci\u00f3n en Transfiere 2025\t\t\t<\/a>\n\t\t<\/h3>\n\t\t\t\t<div class=\"elementor-post__meta-data\">\n\t\t\t\t\t<span class=\"elementor-post-date\">\n\t\t\t25\/02\/2025\t\t<\/span>\n\t\t\t\t<span class=\"elementor-post-avatar\">\n\t\t\tNo hay comentarios\t\t<\/span>\n\t\t\t\t<\/div>\n\t\t\t\t<div class=\"elementor-post__excerpt\">\n\t\t\t<p>Hasta ocho startups de la Comunidad Valenciana tienen la oportunidad de participar con la Direcci\u00f3n General de Innovaci\u00f3n en el foro de innovaci\u00f3n de M\u00e1laga Tech FabLab Comunidad Valenciana abre<\/p>\n\t\t<\/div>\n\t\t\n\t\t<a class=\"elementor-post__read-more\" href=\"https:\/\/tazzlgur.lucusprueba.es\/TechFabLab\/tech-fablab-cv-lanza-convocatoria-startups-transfiere-2025\/\" >\n\t\t\tRead More \u00bb\t\t<\/a>\n\n\t\t\t\t<\/div>\n\t\t\t\t<\/article>\n\t\t\t\t<article class=\"elementor-post elementor-grid-item post-1119 post type-post status-publish format-standard has-post-thumbnail hentry category-tecnologia category-uncategorized tag-tech-fablab tag-transfiere\">\n\t\t\t\t<a class=\"elementor-post__thumbnail__link\" href=\"https:\/\/tazzlgur.lucusprueba.es\/TechFabLab\/tech-fablab-comunitat-valenciana-en-transfiere-2025\/\" >\n\t\t\t<div class=\"elementor-post__thumbnail\"><img loading=\"lazy\" decoding=\"async\" width=\"300\" height=\"168\" src=\"https:\/\/tazzlgur.lucusprueba.es\/TechFabLab\/wp-content\/uploads\/2025\/04\/Transfiere-2025-300x168.jpg\" class=\"attachment-medium size-medium wp-image-1108\" alt=\"Transfiere 2025\" srcset=\"https:\/\/tazzlgur.lucusprueba.es\/TechFabLab\/wp-content\/uploads\/2025\/04\/Transfiere-2025-300x168.jpg 300w, https:\/\/tazzlgur.lucusprueba.es\/TechFabLab\/wp-content\/uploads\/2025\/04\/Transfiere-2025-1024x575.jpg 1024w, https:\/\/tazzlgur.lucusprueba.es\/TechFabLab\/wp-content\/uploads\/2025\/04\/Transfiere-2025-768x431.jpg 768w, https:\/\/tazzlgur.lucusprueba.es\/TechFabLab\/wp-content\/uploads\/2025\/04\/Transfiere-2025.jpg 1266w\" sizes=\"(max-width: 300px) 100vw, 300px\" \/><\/div>\n\t\t<\/a>\n\t\t\t\t<div class=\"elementor-post__text\">\n\t\t\t\t<h3 class=\"elementor-post__title\">\n\t\t\t<a href=\"https:\/\/tazzlgur.lucusprueba.es\/TechFabLab\/tech-fablab-comunitat-valenciana-en-transfiere-2025\/\" >\n\t\t\t\tTech FabLab Comunitat Valenciana participa en Transfiere 2025\t\t\t<\/a>\n\t\t<\/h3>\n\t\t\t\t<div class=\"elementor-post__meta-data\">\n\t\t\t\t\t<span class=\"elementor-post-date\">\n\t\t\t24\/02\/2025\t\t<\/span>\n\t\t\t\t<span class=\"elementor-post-avatar\">\n\t\t\tNo hay comentarios\t\t<\/span>\n\t\t\t\t<\/div>\n\t\t\t\t<div class=\"elementor-post__excerpt\">\n\t\t\t<p>Tech FabLab Comunitat Valenciana, estar\u00e1 presente en Transfiere 2025, el Foro Europeo para la Ciencia, Tecnolog\u00eda e Innovaci\u00f3n, que se celebrar\u00e1 del 12 al 14 de marzo en M\u00e1laga. Se trata del evento de referencia en Espa\u00f1a para la transferencia de conocimiento y conexi\u00f3n entre ciencia y empresa, donde el ecosistema innovador de la Comunidad Valenciana tendr\u00e1 un espacio destacado.<\/p>\n\t\t<\/div>\n\t\t\n\t\t<a class=\"elementor-post__read-more\" href=\"https:\/\/tazzlgur.lucusprueba.es\/TechFabLab\/tech-fablab-comunitat-valenciana-en-transfiere-2025\/\" >\n\t\t\tRead More \u00bb\t\t<\/a>\n\n\t\t\t\t<\/div>\n\t\t\t\t<\/article>\n\t\t\t\t<\/div>\n\t\t\n\t\t\t\t\t\t<\/div>\n\t\t\t\t<\/div>\n\t\t\t\t\t<\/div>\n\t\t\t\t<\/div>\n\t\t\t\t<\/div>\n\t\t","protected":false},"excerpt":{"rendered":"","protected":false},"author":1,"featured_media":0,"parent":0,"menu_order":0,"comment_status":"closed","ping_status":"closed","template":"elementor_header_footer","meta":{"_tec_requires_first_save":true,"_EventAllDay":false,"_EventTimezone":"","_EventStartDate":"","_EventEndDate":"","_EventStartDateUTC":"","_EventEndDateUTC":"","_EventShowMap":false,"_EventShowMapLink":false,"_EventURL":"","_EventCost":"","_EventCostDescription":"","_EventCurrencySymbol":"","_EventCurrencyCode":"","_EventCurrencyPosition":"","_EventDateTimeSeparator":"","_EventTimeRangeSeparator":"","_EventOrganizerID":[],"_EventVenueID":[],"_OrganizerEmail":"","_OrganizerPhone":"","_OrganizerWebsite":"","_VenueAddress":"","_VenueCity":"","_VenueCountry":"","_VenueProvince":"","_VenueState":"","_VenueZip":"","_VenuePhone":"","_VenueURL":"","_VenueStateProvince":"","_VenueLat":"","_VenueLng":"","_VenueShowMap":false,"_VenueShowMapLink":false,"_tribe_blocks_recurrence_rules":"","_tribe_blocks_recurrence_description":"","_tribe_blocks_recurrence_exclusions":"","footnotes":""},"class_list":["post-856","page","type-page","status-publish","hentry"],"yoast_head":"<!-- This site is optimized with the Yoast SEO plugin v24.6 - https:\/\/yoast.com\/wordpress\/plugins\/seo\/ -->\n<title>Noticias - Inteligencia Artificial y Tecnolog\u00edas Habilitadoras<\/title>\n<meta name=\"robots\" content=\"index, follow, max-snippet:-1, max-image-preview:large, max-video-preview:-1\" \/>\n<link rel=\"canonical\" href=\"https:\/\/tazzlgur.lucusprueba.es\/TechFabLab\/noticias\/\" \/>\n<meta property=\"og:locale\" content=\"es_ES\" \/>\n<meta property=\"og:type\" content=\"article\" \/>\n<meta property=\"og:title\" content=\"Noticias - Inteligencia Artificial y Tecnolog\u00edas Habilitadoras\" \/>\n<meta property=\"og:url\" content=\"https:\/\/tazzlgur.lucusprueba.es\/TechFabLab\/noticias\/\" \/>\n<meta property=\"og:site_name\" content=\"Inteligencia Artificial y Tecnolog\u00edas Habilitadoras\" \/>\n<meta property=\"article:modified_time\" content=\"2025-03-24T09:49:47+00:00\" \/>\n<meta name=\"twitter:card\" content=\"summary_large_image\" \/>\n<meta name=\"twitter:label1\" content=\"Tiempo de lectura\" \/>\n\t<meta name=\"twitter:data1\" content=\"2 minutos\" \/>\n<script type=\"application\/ld+json\" class=\"yoast-schema-graph\">{\"@context\":\"https:\/\/schema.org\",\"@graph\":[{\"@type\":\"WebPage\",\"@id\":\"https:\/\/tazzlgur.lucusprueba.es\/TechFabLab\/noticias\/\",\"url\":\"https:\/\/tazzlgur.lucusprueba.es\/TechFabLab\/noticias\/\",\"name\":\"Noticias - Inteligencia Artificial y Tecnolog\u00edas Habilitadoras\",\"isPartOf\":{\"@id\":\"https:\/\/tazzlgur.lucusprueba.es\/TechFabLab\/#website\"},\"datePublished\":\"2025-03-24T09:48:49+00:00\",\"dateModified\":\"2025-03-24T09:49:47+00:00\",\"breadcrumb\":{\"@id\":\"https:\/\/tazzlgur.lucusprueba.es\/TechFabLab\/noticias\/#breadcrumb\"},\"inLanguage\":\"es\",\"potentialAction\":[{\"@type\":\"ReadAction\",\"target\":[\"https:\/\/tazzlgur.lucusprueba.es\/TechFabLab\/noticias\/\"]}]},{\"@type\":\"BreadcrumbList\",\"@id\":\"https:\/\/tazzlgur.lucusprueba.es\/TechFabLab\/noticias\/#breadcrumb\",\"itemListElement\":[{\"@type\":\"ListItem\",\"position\":1,\"name\":\"Home\",\"item\":\"https:\/\/tazzlgur.lucusprueba.es\/TechFabLab\/\"},{\"@type\":\"ListItem\",\"position\":2,\"name\":\"Noticias\"}]},{\"@type\":\"WebSite\",\"@id\":\"https:\/\/tazzlgur.lucusprueba.es\/TechFabLab\/#website\",\"url\":\"https:\/\/tazzlgur.lucusprueba.es\/TechFabLab\/\",\"name\":\"Inteligencia Artificial y Tecnolog\u00edas Habilitadoras\",\"description\":\"\",\"potentialAction\":[{\"@type\":\"SearchAction\",\"target\":{\"@type\":\"EntryPoint\",\"urlTemplate\":\"https:\/\/tazzlgur.lucusprueba.es\/TechFabLab\/?s={search_term_string}\"},\"query-input\":{\"@type\":\"PropertyValueSpecification\",\"valueRequired\":true,\"valueName\":\"search_term_string\"}}],\"inLanguage\":\"es\"}]}<\/script>\n<!-- \/ Yoast SEO plugin. -->","yoast_head_json":{"title":"Noticias - Inteligencia Artificial y Tecnolog\u00edas Habilitadoras","robots":{"index":"index","follow":"follow","max-snippet":"max-snippet:-1","max-image-preview":"max-image-preview:large","max-video-preview":"max-video-preview:-1"},"canonical":"https:\/\/tazzlgur.lucusprueba.es\/TechFabLab\/noticias\/","og_locale":"es_ES","og_type":"article","og_title":"Noticias - Inteligencia Artificial y Tecnolog\u00edas Habilitadoras","og_url":"https:\/\/tazzlgur.lucusprueba.es\/TechFabLab\/noticias\/","og_site_name":"Inteligencia Artificial y Tecnolog\u00edas Habilitadoras","article_modified_time":"2025-03-24T09:49:47+00:00","twitter_card":"summary_large_image","twitter_misc":{"Tiempo de lectura":"2 minutos"},"schema":{"@context":"https:\/\/schema.org","@graph":[{"@type":"WebPage","@id":"https:\/\/tazzlgur.lucusprueba.es\/TechFabLab\/noticias\/","url":"https:\/\/tazzlgur.lucusprueba.es\/TechFabLab\/noticias\/","name":"Noticias - Inteligencia Artificial y Tecnolog\u00edas Habilitadoras","isPartOf":{"@id":"https:\/\/tazzlgur.lucusprueba.es\/TechFabLab\/#website"},"datePublished":"2025-03-24T09:48:49+00:00","dateModified":"2025-03-24T09:49:47+00:00","breadcrumb":{"@id":"https:\/\/tazzlgur.lucusprueba.es\/TechFabLab\/noticias\/#breadcrumb"},"inLanguage":"es","potentialAction":[{"@type":"ReadAction","target":["https:\/\/tazzlgur.lucusprueba.es\/TechFabLab\/noticias\/"]}]},{"@type":"BreadcrumbList","@id":"https:\/\/tazzlgur.lucusprueba.es\/TechFabLab\/noticias\/#breadcrumb","itemListElement":[{"@type":"ListItem","position":1,"name":"Home","item":"https:\/\/tazzlgur.lucusprueba.es\/TechFabLab\/"},{"@type":"ListItem","position":2,"name":"Noticias"}]},{"@type":"WebSite","@id":"https:\/\/tazzlgur.lucusprueba.es\/TechFabLab\/#website","url":"https:\/\/tazzlgur.lucusprueba.es\/TechFabLab\/","name":"Inteligencia Artificial y Tecnolog\u00edas Habilitadoras","description":"","potentialAction":[{"@type":"SearchAction","target":{"@type":"EntryPoint","urlTemplate":"https:\/\/tazzlgur.lucusprueba.es\/TechFabLab\/?s={search_term_string}"},"query-input":{"@type":"PropertyValueSpecification","valueRequired":true,"valueName":"search_term_string"}}],"inLanguage":"es"}]}},"_links":{"self":[{"href":"https:\/\/tazzlgur.lucusprueba.es\/TechFabLab\/wp-json\/wp\/v2\/pages\/856","targetHints":{"allow":["GET"]}}],"collection":[{"href":"https:\/\/tazzlgur.lucusprueba.es\/TechFabLab\/wp-json\/wp\/v2\/pages"}],"about":[{"href":"https:\/\/tazzlgur.lucusprueba.es\/TechFabLab\/wp-json\/wp\/v2\/types\/page"}],"author":[{"embeddable":true,"href":"https:\/\/tazzlgur.lucusprueba.es\/TechFabLab\/wp-json\/wp\/v2\/users\/1"}],"replies":[{"embeddable":true,"href":"https:\/\/tazzlgur.lucusprueba.es\/TechFabLab\/wp-json\/wp\/v2\/comments?post=856"}],"version-history":[{"count":4,"href":"https:\/\/tazzlgur.lucusprueba.es\/TechFabLab\/wp-json\/wp\/v2\/pages\/856\/revisions"}],"predecessor-version":[{"id":861,"href":"https:\/\/tazzlgur.lucusprueba.es\/TechFabLab\/wp-json\/wp\/v2\/pages\/856\/revisions\/861"}],"wp:attachment":[{"href":"https:\/\/tazzlgur.lucusprueba.es\/TechFabLab\/wp-json\/wp\/v2\/media?parent=856"}],"curies":[{"name":"wp","href":"https:\/\/api.w.org\/{rel}","templated":true}]}}